{"id":325,"date":"2020-06-04T08:30:39","date_gmt":"2020-06-04T06:30:39","guid":{"rendered":"https:\/\/shop.costersdelpriorat.comproduct\/clos-alzina\/"},"modified":"2026-01-22T09:37:31","modified_gmt":"2026-01-22T08:37:31","slug":"vi-negre-clos-alzina","status":"publish","type":"product","link":"https:\/\/shop.costersdelpriorat.com\/ca\/productes\/vi-negre-clos-alzina\/","title":{"rendered":"Clos Alzina"},"content":{"rendered":"<p class=\"mar-bot-30\">Un to d\u2019\u00edntim misteri plana sobre els vessants que rodegen la masia Alsera. El lloc condensa segles de feina i el paisatge m\u00edstic dels costers que semblen dialogar reverents amb la serra del Montsant. Clos Alzina reflecteix aquesta relaci\u00f3 profunda entre la terra i la gent, que resulta en un emocionant vi ple d\u2019una frescor original, de puresa i de veritat.<\/p>\n<p>&nbsp;<\/p>\n<h2>NOTA DE TAST<\/h2>\n<p class=\"mar-bot-30\">Tenim amb Clos Alzina un honest reflexe del seu entorn original, el paisatge m\u00e0gic de costers i barrancs que envolta pel sud l\u2019antic mas d\u2019Alsera, a Torroja. Aix\u00ed, trobem una c\u00e0rrega arom\u00e0tica complexa, profunda i equilibrada, que suma l\u2019intens ecosistema vegetal mediterrani i la marcada i madura frutositat del ra\u00efm de vinya vella. En boca \u00e9s potent, sabor\u00f3s i a la vegada fi i d\u2019una acidesa ben integrada, rica en frescor mineral.<\/p>\n","protected":false},"excerpt":{"rendered":"<h3 class=\"h3-body no-margin pad-bot-50\">Ceps vells dels costers de Mas Alsera<\/h3>\n<p class=\"mar-bot-30\">Un to d\u2019\u00edntim misteri plana sobre els vessants que rodegen la masia Alsera. El lloc condensa segles de feina i el paisatge m\u00edstic dels costers que semblen dialogar reverents amb la serra del Montsant. Clos Alzina reflecteix aquesta relaci\u00f3 profunda entre la terra i la gent, que resulta en un emocionant vi ple d\u2019una frescor original, de puresa i de veritat.<\/p>\n<h5><a href=\"https:\/\/shop.costersdelpriorat.com\/app\/uploads\/2026\/01\/Clos-Alzina-2022-cat.pdf\" target=\"_blank\" rel=\"noopener noreferrer\">Fitxa t\u00e8cnica<\/a><\/h5>\n<hr>\n<h5 style=\"color:#866a35;\">Distincions<\/h5>\n<div style=\"border-left:4px solid #866a35; padding:12px 14px; margin:18px 0; border-radius:6px; background:white; max-width:100%;\">\n<div style=\"display:flex; align-items:center; gap:12px;\">\n<div style=\"flex:0 0 auto;\">\n<div style=\"background:#866a35; color:#fff; font-weight:bold; padding:6px 10px; border-radius:6px; font-size:13px;\">PREMIAT<\/div>\n<\/p><\/div>\n<div style=\"flex:1;\">\n<div style=\"font-weight:bold; font-size:15px; color:#222;\">Vinous \u2014 m\u00e0xima distinci\u00f3<\/div>\n<\/p><\/div>\n<div style=\"flex:0 0 auto; text-align:right;\">\n<div style=\"font-weight:800; font-size:20px; color:#866a35;\">97<span style=\"font-size:12px; font-weight:bold; margin-left:4px;\">pts<\/span><\/div>\n<div style=\"font-size:11px; color:#666;\">Clos Alzina 2022<\/div>\n<\/p><\/div>\n<\/p><\/div>\n<\/div>\n","protected":false},"featured_media":218,"template":"","meta":{"_acf_changed":false},"product_brand":[],"product_cat":[56],"product_tag":[],"class_list":{"0":"post-325","1":"product","2":"type-product","3":"status-publish","4":"has-post-thumbnail","6":"product_cat-vins-negres","8":"first","9":"instock","10":"taxable","11":"shipping-taxable","12":"purchasable","13":"product-type-variable","14":"has-default-attributes"},"acf":[],"_links":{"self":[{"href":"https:\/\/shop.costersdelpriorat.com\/ca\/wp-json\/wp\/v2\/product\/325","targetHints":{"allow":["GET"]}}],"collection":[{"href":"https:\/\/shop.costersdelpriorat.com\/ca\/wp-json\/wp\/v2\/product"}],"about":[{"href":"https:\/\/shop.costersdelpriorat.com\/ca\/wp-json\/wp\/v2\/types\/product"}],"wp:featuredmedia":[{"embeddable":true,"href":"https:\/\/shop.costersdelpriorat.com\/ca\/wp-json\/wp\/v2\/media\/218"}],"wp:attachment":[{"href":"https:\/\/shop.costersdelpriorat.com\/ca\/wp-json\/wp\/v2\/media?parent=325"}],"wp:term":[{"taxonomy":"product_brand","embeddable":true,"href":"https:\/\/shop.costersdelpriorat.com\/ca\/wp-json\/wp\/v2\/product_brand?post=325"},{"taxonomy":"product_cat","embeddable":true,"href":"https:\/\/shop.costersdelpriorat.com\/ca\/wp-json\/wp\/v2\/product_cat?post=325"},{"taxonomy":"product_tag","embeddable":true,"href":"https:\/\/shop.costersdelpriorat.com\/ca\/wp-json\/wp\/v2\/product_tag?post=325"}],"curies":[{"name":"wp","href":"https:\/\/api.w.org\/{rel}","templated":true}]}}